{"id":515,"date":"2023-03-27T15:17:44","date_gmt":"2023-03-27T18:17:44","guid":{"rendered":"https:\/\/gabaritojuridico.com.br\/?page_id=515"},"modified":"2025-04-15T11:34:52","modified_gmt":"2025-04-15T14:34:52","slug":"home-1","status":"publish","type":"page","link":"https:\/\/gabaritojuridico.com.br\/","title":{"rendered":"In\u00edcio"},"content":{"rendered":"<div class=\"wpb-content-wrapper\"><p>[vc_row][vc_column width=&#8221;2\/3&#8243;]<div  class=\"jeg_postblock_38 jeg_postblock jeg_module_hook jeg_pagination_disable jeg_col_3o3 jnews_module__0_69f1c0d4e4e10   \" data-unique=\"jnews_module__0_69f1c0d4e4e10\">\n\t\t\t\t\t<div class=\"jeg_block_heading jeg_block_heading_6 jeg_subcat_right\">\n                     <h3 class=\"jeg_block_title\"><span>Postagens<\/span><\/h3>\n                     \n                 <\/div>\n\t\t\t\t\t<div class=\"jeg_block_container\">\n\t\t\t\t\t\n\t\t\t\t\t<div class=\"jeg_posts jeg_load_more_flag\">\n\t\t\t\t\t<article class=\"jeg_post format-standard\">\n\t\t\t\t\t\n\t\t\t\t\t<div class=\"jeg_thumb\" style='background-image: url(https:\/\/gabaritojuridico.com.br\/wp-content\/uploads\/2026\/03\/Artboard-11.jpg)'><\/div>\n\t\t\t\t\t<div class=\"box_wrap\">\n\t\t\t\t\t\t<div class=\"jeg_post_category\">\n\t\t\t\t\t\t\t<span><a href=\"https:\/\/gabaritojuridico.com.br\/?cat=127\" class=\"category-resumos\">Resumos<\/a><\/span>\n\t\t\t\t\t\t<\/div>\n\t\t\t\t\t\t<div class=\"jeg_postblock_content\">\n\t\t\t\t\t\t\t<h3 class=\"jeg_post_title\">\n\t\t\t\t\t\t\t\t<a href=\"https:\/\/gabaritojuridico.com.br\/?p=2031\">Resumo Direito administrativo<\/a>\n\t\t\t\t\t\t\t<\/h3>\n\t\t\t\t\t\t\t<div class=\"jeg_post_excerpt\">\n\t\t\t\t\t\t\t\t<p>A aus\u00eancia de uma estrat\u00e9gia de revis\u00e3o bem definida, aliada \u00e0 falta de materiais realmente direcionados, \u00e9 um dos...<\/p>\n\t\t\t\t\t\t\t<\/div>\n\t\t\t\t\t\t\t<div class=\"jeg_post_meta\"><div class=\"jeg_meta_author\"><span class=\"by\">por<\/span> <a href=\"https:\/\/gabaritojuridico.com.br\/?author=1\">Rafael Kriek<\/a><\/div><div class=\"jeg_meta_date\"><a href=\"https:\/\/gabaritojuridico.com.br\/?p=2031\"><i class=\"fa fa-clock-o\"><\/i> 30 de March de 2026<\/a><\/div><\/div>\n\t\t\t\t\t\t<\/div>\n\t\t\t\t\t\t<div class=\"jeg_readmore_arrow\">\n\t\t\t\t\t\t\t<a href=\"https:\/\/gabaritojuridico.com.br\/?p=2031\"><i class=\"fa fa-long-arrow-right\"><\/i><\/a>\n\t\t\t\t\t\t<\/div>\n\t\t\t\t\t<\/div>\n\t\t\t\t<\/article><article class=\"jeg_post format-standard\">\n\t\t\t\t\t\n\t\t\t\t\t<div class=\"jeg_thumb\" style='background-image: url(https:\/\/gabaritojuridico.com.br\/wp-content\/uploads\/2025\/07\/https__img.migalhas.com_.br__SL__gf_base__SL__empresas__SL__MIGA__SL__imagens__SL__2023__SL__08__SL__02__SL__04e6c5a7-5e27-43b2-9b21-c3b8d010c488.jpg._PROC_CP65.jpg)'><\/div>\n\t\t\t\t\t<div class=\"box_wrap\">\n\t\t\t\t\t\t<div class=\"jeg_post_category\">\n\t\t\t\t\t\t\t<span><a href=\"https:\/\/gabaritojuridico.com.br\/?cat=143\" class=\"category-pilulas-juridicas\">P\u00edlulas jur\u00eddicas<\/a><\/span>\n\t\t\t\t\t\t<\/div>\n\t\t\t\t\t\t<div class=\"jeg_postblock_content\">\n\t\t\t\t\t\t\t<h3 class=\"jeg_post_title\">\n\t\t\t\t\t\t\t\t<a href=\"https:\/\/gabaritojuridico.com.br\/?p=2022\">Fian\u00e7a banc\u00e1ria e seguro garantia n\u00e3o podem ser recusados por desrespeito \u00e0 ordem de penhora (Tema 1385\/STJ)<\/a>\n\t\t\t\t\t\t\t<\/h3>\n\t\t\t\t\t\t\t<div class=\"jeg_post_excerpt\">\n\t\t\t\t\t\t\t\t<p>A controv\u00e9rsia julgada sob o rito dos recursos repetitivos, com for\u00e7a vinculante, consistiu em saber se a fian\u00e7a banc\u00e1ria...<\/p>\n\t\t\t\t\t\t\t<\/div>\n\t\t\t\t\t\t\t<div class=\"jeg_post_meta\"><div class=\"jeg_meta_author\"><span class=\"by\">por<\/span> <a href=\"https:\/\/gabaritojuridico.com.br\/?author=1\">Rafael Kriek<\/a><\/div><div class=\"jeg_meta_date\"><a href=\"https:\/\/gabaritojuridico.com.br\/?p=2022\"><i class=\"fa fa-clock-o\"><\/i> 2 de March de 2026<\/a><\/div><\/div>\n\t\t\t\t\t\t<\/div>\n\t\t\t\t\t\t<div class=\"jeg_readmore_arrow\">\n\t\t\t\t\t\t\t<a href=\"https:\/\/gabaritojuridico.com.br\/?p=2022\"><i class=\"fa fa-long-arrow-right\"><\/i><\/a>\n\t\t\t\t\t\t<\/div>\n\t\t\t\t\t<\/div>\n\t\t\t\t<\/article><article class=\"jeg_post format-standard\">\n\t\t\t\t\t\n\t\t\t\t\t<div class=\"jeg_thumb\" style='background-image: url(https:\/\/gabaritojuridico.com.br\/wp-content\/uploads\/2026\/02\/Untitled-1-1.jpg)'><\/div>\n\t\t\t\t\t<div class=\"box_wrap\">\n\t\t\t\t\t\t<div class=\"jeg_post_category\">\n\t\t\t\t\t\t\t<span><a href=\"https:\/\/gabaritojuridico.com.br\/?cat=143\" class=\"category-pilulas-juridicas\">P\u00edlulas jur\u00eddicas<\/a><\/span>\n\t\t\t\t\t\t<\/div>\n\t\t\t\t\t\t<div class=\"jeg_postblock_content\">\n\t\t\t\t\t\t\t<h3 class=\"jeg_post_title\">\n\t\t\t\t\t\t\t\t<a href=\"https:\/\/gabaritojuridico.com.br\/?p=2018\">Prova il\u00edcita no processo penal contamina o PAD: limites da prova emprestada<\/a>\n\t\t\t\t\t\t\t<\/h3>\n\t\t\t\t\t\t\t<div class=\"jeg_post_excerpt\">\n\t\t\t\t\t\t\t\t<p>\u00c9 inadmiss\u00edvel a condena\u00e7\u00e3o, em processo administrativo disciplinar, amparada em prova penal emprestada considerada il\u00edcita, ainda que essa ilicitude...<\/p>\n\t\t\t\t\t\t\t<\/div>\n\t\t\t\t\t\t\t<div class=\"jeg_post_meta\"><div class=\"jeg_meta_author\"><span class=\"by\">por<\/span> <a href=\"https:\/\/gabaritojuridico.com.br\/?author=1\">Rafael Kriek<\/a><\/div><div class=\"jeg_meta_date\"><a href=\"https:\/\/gabaritojuridico.com.br\/?p=2018\"><i class=\"fa fa-clock-o\"><\/i> 27 de February de 2026<\/a><\/div><\/div>\n\t\t\t\t\t\t<\/div>\n\t\t\t\t\t\t<div class=\"jeg_readmore_arrow\">\n\t\t\t\t\t\t\t<a href=\"https:\/\/gabaritojuridico.com.br\/?p=2018\"><i class=\"fa fa-long-arrow-right\"><\/i><\/a>\n\t\t\t\t\t\t<\/div>\n\t\t\t\t\t<\/div>\n\t\t\t\t<\/article><article class=\"jeg_post format-standard\">\n\t\t\t\t\t\n\t\t\t\t\t<div class=\"jeg_thumb\" style='background-image: url(https:\/\/gabaritojuridico.com.br\/wp-content\/uploads\/2026\/02\/20180409_121431.jpg)'><\/div>\n\t\t\t\t\t<div class=\"box_wrap\">\n\t\t\t\t\t\t<div class=\"jeg_post_category\">\n\t\t\t\t\t\t\t<span><a href=\"https:\/\/gabaritojuridico.com.br\/?cat=143\" class=\"category-pilulas-juridicas\">P\u00edlulas jur\u00eddicas<\/a><\/span>\n\t\t\t\t\t\t<\/div>\n\t\t\t\t\t\t<div class=\"jeg_postblock_content\">\n\t\t\t\t\t\t\t<h3 class=\"jeg_post_title\">\n\t\t\t\t\t\t\t\t<a href=\"https:\/\/gabaritojuridico.com.br\/?p=2014\">Folha de respostas do Exame de Ordem \u00e9 documento p\u00fablico e pode configurar uso de documento falso<\/a>\n\t\t\t\t\t\t\t<\/h3>\n\t\t\t\t\t\t\t<div class=\"jeg_post_excerpt\">\n\t\t\t\t\t\t\t\t<p>Discute-se se a folha de respostas do Exame de Ordem possui natureza de documento p\u00fablico para fins do art....<\/p>\n\t\t\t\t\t\t\t<\/div>\n\t\t\t\t\t\t\t<div class=\"jeg_post_meta\"><div class=\"jeg_meta_author\"><span class=\"by\">por<\/span> <a href=\"https:\/\/gabaritojuridico.com.br\/?author=1\">Rafael Kriek<\/a><\/div><div class=\"jeg_meta_date\"><a href=\"https:\/\/gabaritojuridico.com.br\/?p=2014\"><i class=\"fa fa-clock-o\"><\/i> 25 de February de 2026<\/a><\/div><\/div>\n\t\t\t\t\t\t<\/div>\n\t\t\t\t\t\t<div class=\"jeg_readmore_arrow\">\n\t\t\t\t\t\t\t<a href=\"https:\/\/gabaritojuridico.com.br\/?p=2014\"><i class=\"fa fa-long-arrow-right\"><\/i><\/a>\n\t\t\t\t\t\t<\/div>\n\t\t\t\t\t<\/div>\n\t\t\t\t<\/article><article class=\"jeg_post format-standard\">\n\t\t\t\t\t\n\t\t\t\t\t<div class=\"jeg_thumb\" style='background-image: url(https:\/\/gabaritojuridico.com.br\/wp-content\/uploads\/2026\/02\/Untitled-1.jpg)'><\/div>\n\t\t\t\t\t<div class=\"box_wrap\">\n\t\t\t\t\t\t<div class=\"jeg_post_category\">\n\t\t\t\t\t\t\t<span><a href=\"https:\/\/gabaritojuridico.com.br\/?cat=143\" class=\"category-pilulas-juridicas\">P\u00edlulas jur\u00eddicas<\/a><\/span>\n\t\t\t\t\t\t<\/div>\n\t\t\t\t\t\t<div class=\"jeg_postblock_content\">\n\t\t\t\t\t\t\t<h3 class=\"jeg_post_title\">\n\t\t\t\t\t\t\t\t<a href=\"https:\/\/gabaritojuridico.com.br\/?p=2011\">Aus\u00eancia de \u00e1gua tratada gera dano moral coletivo presumido<\/a>\n\t\t\t\t\t\t\t<\/h3>\n\t\t\t\t\t\t\t<div class=\"jeg_post_excerpt\">\n\t\t\t\t\t\t\t\t<p>A controv\u00e9rsia envolve saber se a omiss\u00e3o do ente p\u00fablico no fornecimento de \u00e1gua tratada configura, por si s\u00f3,...<\/p>\n\t\t\t\t\t\t\t<\/div>\n\t\t\t\t\t\t\t<div class=\"jeg_post_meta\"><div class=\"jeg_meta_author\"><span class=\"by\">por<\/span> <a href=\"https:\/\/gabaritojuridico.com.br\/?author=1\">Rafael Kriek<\/a><\/div><div class=\"jeg_meta_date\"><a href=\"https:\/\/gabaritojuridico.com.br\/?p=2011\"><i class=\"fa fa-clock-o\"><\/i> 23 de February de 2026<\/a><\/div><\/div>\n\t\t\t\t\t\t<\/div>\n\t\t\t\t\t\t<div class=\"jeg_readmore_arrow\">\n\t\t\t\t\t\t\t<a href=\"https:\/\/gabaritojuridico.com.br\/?p=2011\"><i class=\"fa fa-long-arrow-right\"><\/i><\/a>\n\t\t\t\t\t\t<\/div>\n\t\t\t\t\t<\/div>\n\t\t\t\t<\/article><article class=\"jeg_post format-standard\">\n\t\t\t\t\t\n\t\t\t\t\t<div class=\"jeg_thumb\" style='background-image: url(https:\/\/gabaritojuridico.com.br\/wp-content\/uploads\/2025\/11\/www.ibresp.com_.br-quem-pode-ser-corretor-de-imoveis-06.-quem-pode-ser-corretor-de-imoveis.jpg)'><\/div>\n\t\t\t\t\t<div class=\"box_wrap\">\n\t\t\t\t\t\t<div class=\"jeg_post_category\">\n\t\t\t\t\t\t\t<span><a href=\"https:\/\/gabaritojuridico.com.br\/?cat=143\" class=\"category-pilulas-juridicas\">P\u00edlulas jur\u00eddicas<\/a><\/span>\n\t\t\t\t\t\t<\/div>\n\t\t\t\t\t\t<div class=\"jeg_postblock_content\">\n\t\t\t\t\t\t\t<h3 class=\"jeg_post_title\">\n\t\t\t\t\t\t\t\t<a href=\"https:\/\/gabaritojuridico.com.br\/?p=2007\">Responsabilidade do corretor de im\u00f3veis por descumprimento contratual da construtora ou incorporadora<\/a>\n\t\t\t\t\t\t\t<\/h3>\n\t\t\t\t\t\t\t<div class=\"jeg_post_excerpt\">\n\t\t\t\t\t\t\t\t<p>O STJ definiu, no Tema Repetitivo 1173, os limites da responsabilidade civil do corretor de im\u00f3veis (pessoa f\u00edsica ou...<\/p>\n\t\t\t\t\t\t\t<\/div>\n\t\t\t\t\t\t\t<div class=\"jeg_post_meta\"><div class=\"jeg_meta_author\"><span class=\"by\">por<\/span> <a href=\"https:\/\/gabaritojuridico.com.br\/?author=1\">Rafael Kriek<\/a><\/div><div class=\"jeg_meta_date\"><a href=\"https:\/\/gabaritojuridico.com.br\/?p=2007\"><i class=\"fa fa-clock-o\"><\/i> 7 de November de 2025<\/a><\/div><\/div>\n\t\t\t\t\t\t<\/div>\n\t\t\t\t\t\t<div class=\"jeg_readmore_arrow\">\n\t\t\t\t\t\t\t<a href=\"https:\/\/gabaritojuridico.com.br\/?p=2007\"><i class=\"fa fa-long-arrow-right\"><\/i><\/a>\n\t\t\t\t\t\t<\/div>\n\t\t\t\t\t<\/div>\n\t\t\t\t<\/article><article class=\"jeg_post format-standard\">\n\t\t\t\t\t\n\t\t\t\t\t<div class=\"jeg_thumb\" style='background-image: url(https:\/\/gabaritojuridico.com.br\/wp-content\/uploads\/2025\/11\/Untitled-1.jpg)'><\/div>\n\t\t\t\t\t<div class=\"box_wrap\">\n\t\t\t\t\t\t<div class=\"jeg_post_category\">\n\t\t\t\t\t\t\t<span><a href=\"https:\/\/gabaritojuridico.com.br\/?cat=143\" class=\"category-pilulas-juridicas\">P\u00edlulas jur\u00eddicas<\/a><\/span>\n\t\t\t\t\t\t<\/div>\n\t\t\t\t\t\t<div class=\"jeg_postblock_content\">\n\t\t\t\t\t\t\t<h3 class=\"jeg_post_title\">\n\t\t\t\t\t\t\t\t<a href=\"https:\/\/gabaritojuridico.com.br\/?p=2001\">Interesse de agir e termo inicial dos efeitos financeiros em a\u00e7\u00f5es previdenci\u00e1rias<\/a>\n\t\t\t\t\t\t\t<\/h3>\n\t\t\t\t\t\t\t<div class=\"jeg_post_excerpt\">\n\t\t\t\t\t\t\t\t<p>O STJ, ao julgar o Tema 1124 sob o rito dos recursos repetitivos, tratou de duas quest\u00f5es fundamentais no...<\/p>\n\t\t\t\t\t\t\t<\/div>\n\t\t\t\t\t\t\t<div class=\"jeg_post_meta\"><div class=\"jeg_meta_author\"><span class=\"by\">por<\/span> <a href=\"https:\/\/gabaritojuridico.com.br\/?author=1\">Rafael Kriek<\/a><\/div><div class=\"jeg_meta_date\"><a href=\"https:\/\/gabaritojuridico.com.br\/?p=2001\"><i class=\"fa fa-clock-o\"><\/i> 3 de November de 2025<\/a><\/div><\/div>\n\t\t\t\t\t\t<\/div>\n\t\t\t\t\t\t<div class=\"jeg_readmore_arrow\">\n\t\t\t\t\t\t\t<a href=\"https:\/\/gabaritojuridico.com.br\/?p=2001\"><i class=\"fa fa-long-arrow-right\"><\/i><\/a>\n\t\t\t\t\t\t<\/div>\n\t\t\t\t\t<\/div>\n\t\t\t\t<\/article><article class=\"jeg_post format-standard\">\n\t\t\t\t\t\n\t\t\t\t\t<div class=\"jeg_thumb\" style='background-image: url(https:\/\/gabaritojuridico.com.br\/wp-content\/uploads\/2025\/10\/justica-gratuita-1024x683.jpg.webp)'><\/div>\n\t\t\t\t\t<div class=\"box_wrap\">\n\t\t\t\t\t\t<div class=\"jeg_post_category\">\n\t\t\t\t\t\t\t<span><a href=\"https:\/\/gabaritojuridico.com.br\/?cat=143\" class=\"category-pilulas-juridicas\">P\u00edlulas jur\u00eddicas<\/a><\/span>\n\t\t\t\t\t\t<\/div>\n\t\t\t\t\t\t<div class=\"jeg_postblock_content\">\n\t\t\t\t\t\t\t<h3 class=\"jeg_post_title\">\n\t\t\t\t\t\t\t\t<a href=\"https:\/\/gabaritojuridico.com.br\/?p=1997\">Honor\u00e1rios advocat\u00edcios e desist\u00eancia da a\u00e7\u00e3o: quando cabe fixa\u00e7\u00e3o por equidade?<\/a>\n\t\t\t\t\t\t\t<\/h3>\n\t\t\t\t\t\t\t<div class=\"jeg_post_excerpt\">\n\t\t\t\t\t\t\t\t<p>Quando a parte autora desiste da a\u00e7\u00e3o ap\u00f3s a cita\u00e7\u00e3o, mas antes da contesta\u00e7\u00e3o, \u00e9 poss\u00edvel fixar honor\u00e1rios advocat\u00edcios...<\/p>\n\t\t\t\t\t\t\t<\/div>\n\t\t\t\t\t\t\t<div class=\"jeg_post_meta\"><div class=\"jeg_meta_author\"><span class=\"by\">por<\/span> <a href=\"https:\/\/gabaritojuridico.com.br\/?author=1\">Rafael Kriek<\/a><\/div><div class=\"jeg_meta_date\"><a href=\"https:\/\/gabaritojuridico.com.br\/?p=1997\"><i class=\"fa fa-clock-o\"><\/i> 30 de October de 2025<\/a><\/div><\/div>\n\t\t\t\t\t\t<\/div>\n\t\t\t\t\t\t<div class=\"jeg_readmore_arrow\">\n\t\t\t\t\t\t\t<a href=\"https:\/\/gabaritojuridico.com.br\/?p=1997\"><i class=\"fa fa-long-arrow-right\"><\/i><\/a>\n\t\t\t\t\t\t<\/div>\n\t\t\t\t\t<\/div>\n\t\t\t\t<\/article>\n\t\t\t\t<\/div>\n\t\t\t\t\t<div class='module-overlay'>\n\t\t\t\t    <div class='preloader_type preloader_dot'>\n\t\t\t\t        <div class=\"module-preloader jeg_preloader dot\">\n\t\t\t\t            <span><\/span><span><\/span><span><\/span>\n\t\t\t\t        <\/div>\n\t\t\t\t        <div class=\"module-preloader jeg_preloader circle\">\n\t\t\t\t            <div class=\"jnews_preloader_circle_outer\">\n\t\t\t\t                <div class=\"jnews_preloader_circle_inner\"><\/div>\n\t\t\t\t            <\/div>\n\t\t\t\t        <\/div>\n\t\t\t\t        <div class=\"module-preloader jeg_preloader square\">\n\t\t\t\t            <div class=\"jeg_square\">\n\t\t\t\t                <div class=\"jeg_square_inner\"><\/div>\n\t\t\t\t            <\/div>\n\t\t\t\t        <\/div>\n\t\t\t\t    <\/div>\n\t\t\t\t<\/div>\n\t\t\t\t<\/div>\n\t\t\t\t<div class=\"jeg_block_navigation\">\n\t\t\t\t\t<div class='navigation_overlay'><div class='module-preloader jeg_preloader'><span><\/span><span><\/span><span><\/span><\/div><\/div>\n\t\t\t\t\t\n\t\t\t\t\t\n\t\t\t\t<\/div>\n\t\t\t\t\t\n\t\t\t\t\t<script>var jnews_module__0_69f1c0d4e4e10 = {\"header_icon\":\"\",\"first_title\":\"Postagens\",\"second_title\":\"\",\"url\":\"\",\"header_type\":\"heading_6\",\"header_background\":\"\",\"header_secondary_background\":\"\",\"header_text_color\":\"\",\"header_line_color\":\"\",\"header_accent_color\":\"\",\"header_filter_category\":\"\",\"header_filter_author\":\"\",\"header_filter_tag\":\"\",\"header_filter_text\":\"All\",\"post_type\":\"post\",\"content_type\":\"all\",\"sponsor\":\"\",\"number_post\":\"8\",\"post_offset\":\"0\",\"unique_content\":\"disable\",\"include_post\":\"\",\"included_only\":\"\",\"exclude_post\":\"\",\"include_category\":\"\",\"exclude_category\":\"\",\"include_author\":\"\",\"include_tag\":\"\",\"exclude_tag\":\"\",\"wpdmcategory\":\"\",\"wpdmtag\":\"\",\"sort_by\":\"latest\",\"date_format\":\"default\",\"date_format_custom\":\"Y\\\/m\\\/d\",\"excerpt_length\":\"19\",\"excerpt_ellipsis\":\"...\",\"pagination_mode\":\"disable\",\"pagination_nextprev_showtext\":\"\",\"pagination_number_post\":4,\"pagination_scroll_limit\":0,\"el_id\":\"\",\"el_class\":\"\",\"scheme\":\"\",\"column_width\":\"auto\",\"title_color\":\"\",\"accent_color\":\"\",\"alt_color\":\"\",\"block_background\":\"\",\"box_shadow\":\"\",\"css\":\"\",\"compatible_column_notice\":\"\",\"paged\":1,\"column_class\":\"jeg_col_3o3\",\"class\":\"jnews_block_38\"};<\/script>\n\t\t\t\t<\/div>[\/vc_column][vc_column width=&#8221;1\/3&#8243; sticky_sidebar=&#8221;yes&#8221; set_as_sidebar=&#8221;yes&#8221;][vc_wp_tagcloud taxonomy=&#8221;wpdmtag&#8221;][\/vc_column][\/vc_row]<\/p>\n<\/div>","protected":false},"excerpt":{"rendered":"<p>[vc_row][vc_column width=&#8221;2\/3&#8243;][\/vc_column][vc_column width=&#8221;1\/3&#8243; sticky_sidebar=&#8221;yes&#8221; set_as_sidebar=&#8221;yes&#8221;][vc_wp_tagcloud taxonomy=&#8221;wpdmtag&#8221;][\/vc_column][\/vc_row]<\/p>\n","protected":false},"author":1,"featured_media":0,"parent":0,"menu_order":0,"comment_status":"closed","ping_status":"closed","template":"template-builder.php","meta":{"footnotes":""},"class_list":["post-515","page","type-page","status-publish","hentry"],"_links":{"self":[{"href":"https:\/\/gabaritojuridico.com.br\/index.php?rest_route=\/wp\/v2\/pages\/515","targetHints":{"allow":["GET"]}}],"collection":[{"href":"https:\/\/gabaritojuridico.com.br\/index.php?rest_route=\/wp\/v2\/pages"}],"about":[{"href":"https:\/\/gabaritojuridico.com.br\/index.php?rest_route=\/wp\/v2\/types\/page"}],"author":[{"embeddable":true,"href":"https:\/\/gabaritojuridico.com.br\/index.php?rest_route=\/wp\/v2\/users\/1"}],"replies":[{"embeddable":true,"href":"https:\/\/gabaritojuridico.com.br\/index.php?rest_route=%2Fwp%2Fv2%2Fcomments&post=515"}],"version-history":[{"count":16,"href":"https:\/\/gabaritojuridico.com.br\/index.php?rest_route=\/wp\/v2\/pages\/515\/revisions"}],"predecessor-version":[{"id":1508,"href":"https:\/\/gabaritojuridico.com.br\/index.php?rest_route=\/wp\/v2\/pages\/515\/revisions\/1508"}],"wp:attachment":[{"href":"https:\/\/gabaritojuridico.com.br\/index.php?rest_route=%2Fwp%2Fv2%2Fmedia&parent=515"}],"curies":[{"name":"wp","href":"https:\/\/api.w.org\/{rel}","templated":true}]}}